{"id":470,"date":"2020-08-26T10:17:34","date_gmt":"2020-08-26T10:17:34","guid":{"rendered":"http:\/\/bighearts.wgl-demo.net\/?page_id=470"},"modified":"2022-03-25T01:28:22","modified_gmt":"2022-03-25T00:28:22","slug":"blog-listing","status":"publish","type":"page","link":"https:\/\/www.chliebpreukrajinu.sk\/cs\/blog-listing\/","title":{"rendered":"Blog Listing"},"content":{"rendered":"\t\t<div data-elementor-type=\"wp-page\" data-elementor-id=\"470\" class=\"elementor elementor-470\" data-elementor-settings=\"[]\">\n\t\t\t\t\t\t\t<div class=\"elementor-section-wrap\">\n\t\t\t\t\t\t\t<section class=\"elementor-section elementor-top-section elementor-element elementor-element-9c2e2af elementor-section-boxed elementor-section-height-default elementor-section-height-default\" data-id=\"9c2e2af\" data-element_type=\"section\">\n\t\t\t\t\t\t<div class=\"elementor-container elementor-column-gap-default\">\n\t\t\t\t\t<div class=\"elementor-column elementor-col-100 elementor-top-column elementor-element elementor-element-41262a4\" data-id=\"41262a4\" data-element_type=\"column\">\n\t\t\t<div class=\"elementor-widget-wrap elementor-element-populated\">\n\t\t\t\t\t\t\t\t<div class=\"elementor-element elementor-element-1313779 nav-center elementor-widget elementor-widget-wgl-blog\" data-id=\"1313779\" data-element_type=\"widget\" data-settings=\"{&quot;blog_columns&quot;:&quot;12&quot;}\" data-widget_type=\"wgl-blog.default\">\n\t\t\t\t<div class=\"elementor-widget-container\">\n\t\t\t<section class=\"wgl_cpt_section\"><div class=\"blog-posts\"><div class=\"container-grid row blog_columns-1 grid blog-style-standard\"><div class=\"wgl_col-12 item\"><div class=\"blog-post format-standard-image sticky-post\"><div class=\"blog-post_wrapper\"><div class=\"blog-post_media\"><div class=\"blog-post_media_part\"><a href=\"https:\/\/www.chliebpreukrajinu.sk\/cs\/henrich-burdiga-v-kosiciach-ubytoval-aj-zenu-ktora-vyrastala-s-prezidentom-zelenskym\/\" class=\"media-link image-overlay\"><img src=\"https:\/\/www.chliebpreukrajinu.sk\/wp-content\/uploads\/2022\/04\/IMG_9431-800x450.webp\" class=\" blog-img\" alt=\"\"><\/a><\/div><\/div><div class=\"blog-post_content\"><div class=\"meta-data\"><span class=\"post_date\">7. apr\u00edla 2022<\/span><\/div><h3 class=\"blog-post_title\"><a href=\"https:\/\/www.chliebpreukrajinu.sk\/cs\/henrich-burdiga-v-kosiciach-ubytoval-aj-zenu-ktora-vyrastala-s-prezidentom-zelenskym\/\">Henrich Burdiga v Ko\u0161iciach ubytoval aj \u017eenu, ktor\u00e1 vyrastala s prezidentom Zelenskym\u00a0<\/a><\/h3><div class=\"blog-post_text\">Od za\u010diatku konfliktu na Ukrajine pri\u0161lo do Ko\u0161\u00edc ve\u013ek\u00e9 mno\u017estvo ute\u010dencov, ktor\u00ed potrebovali pom\u00f4c\u0165 aj s ubytovan\u00edm. Medzi \u013eu\u010fmi, ktor\u00ed sa rozhodli pom\u00f4c\u0165 je aj...<\/div><\/div><div class=\"blog-post_meta-wrap\"><\/div><\/div><\/div><\/div><div class=\"wgl_col-12 item\"><div class=\"blog-post format-standard-image\"><div class=\"blog-post_wrapper\"><div class=\"blog-post_media\"><div class=\"blog-post_media_part\"><a href=\"https:\/\/www.chliebpreukrajinu.sk\/cs\/prezentacia-projektu-chlieb-pre-ukrajinu-prebehla-na-kosickom-futbalovom-stadione\/\" class=\"media-link image-overlay\"><img src=\"https:\/\/www.chliebpreukrajinu.sk\/wp-content\/uploads\/2022\/03\/kfa.jpg-800x450.webp\" class=\" blog-img blog-img\" alt=\"\"><\/a><\/div><\/div><div class=\"blog-post_content\"><div class=\"meta-data\"><span class=\"post_date\">29. marca 2022<\/span><\/div><h3 class=\"blog-post_title\"><a href=\"https:\/\/www.chliebpreukrajinu.sk\/cs\/prezentacia-projektu-chlieb-pre-ukrajinu-prebehla-na-kosickom-futbalovom-stadione\/\">Prezent\u00e1cia projektu CHLIEB PRE UKRAJINU prebehla na ko\u0161ickom futbalovom \u0161tadi\u00f3ne<\/a><\/h3><div class=\"blog-post_text\">Projekt&nbsp;\u201eChlieb pre Ukrajinu\u201c&nbsp;zalo\u017eil pek\u00e1r, aby tak pomohol Ukrajincom, ktor\u00ed utekaj\u00fa pred vojnou. Do Ko\u0161\u00edc denne prich\u00e1dzalo 3 000 a\u017e 5 000 ute\u010dencov. Dnes...<\/div><\/div><div class=\"blog-post_meta-wrap\"><\/div><\/div><\/div><\/div><div class=\"wgl_col-12 item\"><div class=\"blog-post format-standard-image\"><div class=\"blog-post_wrapper\"><div class=\"blog-post_media\"><div class=\"blog-post_media_part\"><a href=\"https:\/\/www.chliebpreukrajinu.sk\/cs\/projekt-chlieb-pre-ukrajinu-pomohol-nasytit-5-942-ludi\/\" class=\"media-link image-overlay\"><img src=\"https:\/\/www.chliebpreukrajinu.sk\/wp-content\/uploads\/2022\/03\/Screenshot-22-1721x968.png\" class=\" blog-img blog-img blog-img\" alt=\"\"><\/a><\/div><\/div><div class=\"blog-post_content\"><div class=\"meta-data\"><span class=\"post_date\">25. marca 2022<\/span><\/div><h3 class=\"blog-post_title\"><a href=\"https:\/\/www.chliebpreukrajinu.sk\/cs\/projekt-chlieb-pre-ukrajinu-pomohol-nasytit-5-942-ludi\/\">Projekt \u201eChlieb pre Ukrajinu\u201c pomohol nas\u00fdti\u0165 5 942 \u013eud\u00ed<\/a><\/h3><div class=\"blog-post_text\">Projekt\u00a0\u201eChlieb pre Ukrajinu\u201c\u00a0zalo\u017eil pek\u00e1r, aby tak pomohol Ukrajincom, ktor\u00ed utekaj\u00fa pred vojnou. Do Ko\u0161\u00edc denne prich\u00e1dzalo 3 000 a\u017e 5 000 ute\u010dencov. Dnes je tento...<\/div><\/div><div class=\"blog-post_meta-wrap\"><\/div><\/div><\/div><\/div><div class=\"wgl_col-12 item\"><div class=\"blog-post format-standard-image\"><div class=\"blog-post_wrapper\"><div class=\"blog-post_media\"><div class=\"blog-post_media_part\"><a href=\"https:\/\/www.chliebpreukrajinu.sk\/cs\/pekar-z-kosic-vymyslel-ako-pomahat-ukrajincom-ako-mu-v-tom-mozete-pomoct\/\" class=\"media-link image-overlay\"><img src=\"https:\/\/www.chliebpreukrajinu.sk\/wp-content\/uploads\/2022\/03\/Screenshot-23-1718x966.png\" class=\" blog-img blog-img blog-img blog-img\" alt=\"\"><\/a><\/div><\/div><div class=\"blog-post_content\"><div class=\"meta-data\"><span class=\"post_date\">21. marca 2022<\/span><\/div><h3 class=\"blog-post_title\"><a href=\"https:\/\/www.chliebpreukrajinu.sk\/cs\/pekar-z-kosic-vymyslel-ako-pomahat-ukrajincom-ako-mu-v-tom-mozete-pomoct\/\">Pek\u00e1r z Ko\u0161\u00edc vymyslel, ako pom\u00e1ha\u0165 Ukrajincom. Ako mu v tom m\u00f4\u017eete pom\u00f4c\u0165?<\/a><\/h3><div class=\"blog-post_text\">Od za\u010diatku vojny pre\u0161lo slovensko-ukrajinsk\u00e9 hranice nieko\u013eko tis\u00edc Ukrajincov, zv\u00e4\u010d\u0161a iba s\u00a0igelitkou, pri\u010dom ve\u013ek\u00e1 \u010das\u0165 z\u00a0nich pricestovala aj do Ko\u0161\u00edc. Pom\u00f4c\u0165 t\u00fdmto...<\/div><\/div><div class=\"blog-post_meta-wrap\"><\/div><\/div><\/div><\/div><\/div><\/div><\/section>\t\t<\/div>\n\t\t\t\t<\/div>\n\t\t\t\t\t<\/div>\n\t\t<\/div>\n\t\t\t\t\t\t\t<\/div>\n\t\t<\/section>\n\t\t\t\t\t\t<\/div>\n\t\t\t\t\t<\/div>\n\t\t","protected":false},"excerpt":{"rendered":"<p>25. marca 2022 Projekt \u201eChlieb pre Ukrajinu\u201c pomohol nas\u00fdti\u0165 5 942 \u013eud\u00ed Projekt\u00a0\u201eChlieb pre Ukrajinu\u201c\u00a0zalo\u017eil pek\u00e1r, aby tak pomohol Ukrajincom, ktor\u00ed utekaj\u00fa pred vojnou. Do Ko\u0161\u00edc denne prich\u00e1dzalo 3 000 a\u017e 5 000 ute\u010dencov. Dnes je tento&#8230;<\/p>\n","protected":false},"author":1,"featured_media":0,"parent":0,"menu_order":0,"comment_status":"closed","ping_status":"closed","template":"","meta":[],"_links":{"self":[{"href":"https:\/\/www.chliebpreukrajinu.sk\/cs\/wp-json\/wp\/v2\/pages\/470"}],"collection":[{"href":"https:\/\/www.chliebpreukrajinu.sk\/cs\/wp-json\/wp\/v2\/pages"}],"about":[{"href":"https:\/\/www.chliebpreukrajinu.sk\/cs\/wp-json\/wp\/v2\/types\/page"}],"author":[{"embeddable":true,"href":"https:\/\/www.chliebpreukrajinu.sk\/cs\/wp-json\/wp\/v2\/users\/1"}],"replies":[{"embeddable":true,"href":"https:\/\/www.chliebpreukrajinu.sk\/cs\/wp-json\/wp\/v2\/comments?post=470"}],"version-history":[{"count":5,"href":"https:\/\/www.chliebpreukrajinu.sk\/cs\/wp-json\/wp\/v2\/pages\/470\/revisions"}],"predecessor-version":[{"id":7165,"href":"https:\/\/www.chliebpreukrajinu.sk\/cs\/wp-json\/wp\/v2\/pages\/470\/revisions\/7165"}],"wp:attachment":[{"href":"https:\/\/www.chliebpreukrajinu.sk\/cs\/wp-json\/wp\/v2\/media?parent=470"}],"curies":[{"name":"wp","href":"https:\/\/api.w.org\/{rel}","templated":true}]}}